{"id":22,"date":"2019-09-04T14:56:55","date_gmt":"2019-09-04T14:56:55","guid":{"rendered":"https:\/\/www.escolaniadelospalacios.es\/new\/?p=22"},"modified":"2024-10-09T16:05:39","modified_gmt":"2024-10-09T16:05:39","slug":"dianna-briggs","status":"publish","type":"page","link":"https:\/\/www.escolaniadelospalacios.es\/new\/dianna-briggs\/","title":{"rendered":"Pilar exposito"},"content":{"rendered":"<p><img decoding=\"async\" src=\"\/new\/wp-content\/uploads\/2024\/10\/pilarexposito.jpg\" alt=\"\"><\/p>\n<div>Pianista, profesora de Lenguaje musical e iniciaci\u00f3n a la m\u00fasica.<\/div>\n<h1>Pilar Exp\u00f3sito<\/h1>\n<div>\n<p>Pianista, profesora de Lenguaje musical e iniciaci\u00f3n a la m\u00fasica. Nacida en Sevilla, desde 1999 hasta actualmente es profesora de piano, lenguaje musical en la Escuela Municipal de M\u00fasica y Danza de Los Palacios y Villafranca, y desde 2008 profesora de m\u00fasica de c\u00e1mara e iniciaci\u00f3n a la m\u00fasica en el mismo centro. En el a\u00f1o 2003 cre\u00f3 el coro de C\u00e1mara de Voces Blancas Lux Aeterna llevando la direcci\u00f3n hasta 2006 cuando se hace cargo de la direcci\u00f3n J. Manuel Busto, y vuelve a retomar la direcci\u00f3n hasta hoy al dejarla el Maestro la temporada de 2014. Estudi\u00f3 en el conservatorio Superior de M\u00fasica de Sevilla, y en el recibe clases con profesores como Bernadette G. Schildberg, Pilar Bilbao, M\u00aa Jos\u00e9 Fern\u00e1ndez entre otros y cursos magistrales por toda Espa\u00f1a con profesores como Francisco Poyato, Fernando Puchol, J. A. Coso o Ramzi Yassa. En su formaci\u00f3n form\u00f3 parte como soprano en coros de c\u00e1mara como el de Santa Cecilia creado por Ricardo Rodr\u00edguez o el de Rafael Luque, Crist\u00f3bal de Morales. Entra a formar parte como pianista en la Escolan\u00eda de Los Palacios en el 2006.<\/p>\n<\/div>\n<p><!--more--><br \/>\n<!-- {\"type\":\"layout\",\"children\":[{\"name\":\"VCard\",\"type\":\"section\",\"props\":{\"animation\":\"slide-left-medium\",\"animation_delay\":\"200\",\"height\":\"viewport\",\"height_offset_top\":true,\"image_effect\":\"parallax\",\"image_parallax_bgx\":\"-300,-300\",\"image_parallax_bgy\":\"200,-150\",\"image_parallax_breakpoint\":\"m\",\"image_parallax_easing\":\"1\",\"image_position\":\"center-center\",\"media_visibility\":\"m\",\"padding_remove_bottom\":false,\"style\":\"default\",\"title_breakpoint\":\"xl\",\"title_position\":\"top-left\",\"title_rotation\":\"left\",\"vertical_align\":\"middle\",\"width\":\"large\"},\"children\":[{\"type\":\"row\",\"props\":{\"column_gap\":\"large\",\"divider\":false,\"layout\":\"1-2,1-2\",\"margin_remove_bottom\":false,\"margin_remove_top\":false,\"row_gap\":\"large\",\"vertical_align\":true},\"children\":[{\"type\":\"column\",\"props\":{\"image_effect\":\"parallax\",\"image_parallax_easing\":\"1\",\"image_position\":\"top-left\",\"position_sticky_breakpoint\":\"m\",\"width_medium\":\"1-2\"},\"children\":[{\"type\":\"image\",\"props\":{\"image\":\"wp-content\\\/uploads\\\/2024\\\/10\\\/pilarexposito.jpg\",\"image_svg_color\":\"emphasis\",\"image_width\":567,\"margin\":\"\",\"margin_remove_bottom\":false,\"margin_remove_top\":false,\"text_align\":\"left\",\"text_align_breakpoint\":\"m\",\"text_align_fallback\":\"center\"}}]},{\"type\":\"column\",\"props\":{\"image_position\":\"top-left\",\"image_width\":\"300\",\"media_overlay\":\"rgba(255, 255, 255, 0.54)\",\"position_sticky_breakpoint\":\"m\",\"vertical_align\":\"middle\",\"width_medium\":\"1-2\"},\"children\":[{\"type\":\"headline\",\"props\":{\"content\":\"Pianista, profesora de Lenguaje musical e iniciaci\\u00f3n a la m\\u00fasica.\",\"margin\":\"small\",\"margin_remove_bottom\":false,\"margin_remove_top\":false,\"title_color\":\"primary\",\"title_element\":\"div\",\"title_style\":\"h6\"}},{\"type\":\"headline\",\"props\":{\"content\":\"Pilar Exp\\u00f3sito\",\"margin_remove_bottom\":false,\"margin_remove_top\":true,\"text_align\":\"left\",\"title_color\":\"primary\",\"title_element\":\"h1\",\"title_style\":\"heading-medium\"}},{\"type\":\"text\",\"props\":{\"column_breakpoint\":\"m\",\"content\":\"\n\n<p>Pianista, profesora de Lenguaje musical e iniciaci\\u00f3n a la m\\u00fasica. Nacida en Sevilla, desde 1999 hasta actualmente es profesora de piano, lenguaje musical en la Escuela Municipal de M\\u00fasica y Danza de Los Palacios y Villafranca, y desde 2008 profesora de m\\u00fasica de c\\u00e1mara e iniciaci\\u00f3n a la m\\u00fasica en el mismo centro. En el a\\u00f1o 2003 cre\\u00f3 el coro de C\\u00e1mara de Voces Blancas Lux Aeterna llevando la direcci\\u00f3n hasta 2006 cuando se hace cargo de la direcci\\u00f3n J. Manuel Busto, y vuelve a retomar la direcci\\u00f3n hasta hoy al dejarla el Maestro la temporada de 2014. Estudi\\u00f3 en el conservatorio Superior de M\\u00fasica de Sevilla, y en el recibe clases con profesores como Bernadette G. Schildberg, Pilar Bilbao, M\\u00aa Jos\\u00e9 Fern\\u00e1ndez entre otros y cursos magistrales por toda Espa\\u00f1a con profesores como Francisco Poyato, Fernando Puchol, J. A. Coso o Ramzi Yassa. En su formaci\\u00f3n form\\u00f3 parte como soprano en coros de c\\u00e1mara como el de Santa Cecilia creado por Ricardo Rodr\\u00edguez o el de Rafael Luque, Crist\\u00f3bal de Morales. Entra a formar parte como pianista en la Escolan\\u00eda de Los Palacios en el 2006.<\\\/p>\",\"margin\":\"large\",\"maxwidth\":\"2xlarge\",\"text_style\":\"large\"}}]}]}]}],\"version\":\"4.4.10\"} --><\/p>\n","protected":false},"excerpt":{"rendered":"<p>Pianista, profesora de Lenguaje musical e iniciaci\u00f3n a la m\u00fasica. Pilar Exp\u00f3sito Pianista, profesora de Lenguaje musical e iniciaci\u00f3n a la m\u00fasica. Nacida en Sevilla, desde 1999 hasta actualmente es profesora de piano, lenguaje musical en la Escuela Municipal de M\u00fasica y Danza de Los Palacios y Villafranca, y desde 2008 profesora de m\u00fasica de [&hellip;]<\/p>\n","protected":false},"author":1,"featured_media":0,"parent":0,"menu_order":1,"comment_status":"open","ping_status":"open","template":"","meta":{"_acf_changed":false,"footnotes":""},"class_list":["post-22","page","type-page","status-publish","hentry"],"acf":[],"jetpack_sharing_enabled":true,"_links":{"self":[{"href":"https:\/\/www.escolaniadelospalacios.es\/new\/wp-json\/wp\/v2\/pages\/22","targetHints":{"allow":["GET"]}}],"collection":[{"href":"https:\/\/www.escolaniadelospalacios.es\/new\/wp-json\/wp\/v2\/pages"}],"about":[{"href":"https:\/\/www.escolaniadelospalacios.es\/new\/wp-json\/wp\/v2\/types\/page"}],"author":[{"embeddable":true,"href":"https:\/\/www.escolaniadelospalacios.es\/new\/wp-json\/wp\/v2\/users\/1"}],"replies":[{"embeddable":true,"href":"https:\/\/www.escolaniadelospalacios.es\/new\/wp-json\/wp\/v2\/comments?post=22"}],"version-history":[{"count":5,"href":"https:\/\/www.escolaniadelospalacios.es\/new\/wp-json\/wp\/v2\/pages\/22\/revisions"}],"predecessor-version":[{"id":1603,"href":"https:\/\/www.escolaniadelospalacios.es\/new\/wp-json\/wp\/v2\/pages\/22\/revisions\/1603"}],"wp:attachment":[{"href":"https:\/\/www.escolaniadelospalacios.es\/new\/wp-json\/wp\/v2\/media?parent=22"}],"curies":[{"name":"wp","href":"https:\/\/api.w.org\/{rel}","templated":true}]}}